{"version":"1.0","provider_name":"HondaDreams","provider_url":"https:\/\/www.honda.es\/hondadreams","author_name":"Honda Autom\u00f3viles Espa\u00f1a","author_url":"https:\/\/www.honda.es\/hondadreams\/author\/mireia\/","title":"El Honda Accord tambi\u00e9n triunfa: \u00a1Coche del A\u00f1o 2018 en Norte Am\u00e9rica!","type":"rich","width":600,"height":338,"html":"<blockquote class=\"wp-embedded-content\" data-secret=\"Ulz6JeZw8o\"><a href=\"https:\/\/www.honda.es\/hondadreams\/2018\/01\/24\/honda-accord-coche-2018-norte-america\/\">El Honda Accord tambi\u00e9n triunfa: \u00a1Coche del A\u00f1o 2018 en Norte Am\u00e9rica!<\/a><\/blockquote><iframe sandbox=\"allow-scripts\" security=\"restricted\" src=\"https:\/\/www.honda.es\/hondadreams\/2018\/01\/24\/honda-accord-coche-2018-norte-america\/embed\/#?secret=Ulz6JeZw8o\" width=\"600\" height=\"338\" title=\"\u00abEl Honda Accord tambi\u00e9n triunfa: \u00a1Coche del A\u00f1o 2018 en Norte Am\u00e9rica!\u00bb \u2014 HondaDreams\" data-secret=\"Ulz6JeZw8o\" frameborder=\"0\" marginwidth=\"0\" marginheight=\"0\" scrolling=\"no\" class=\"wp-embedded-content\"><\/iframe><script type=\"text\/javascript\">\n\/* <![CDATA[ *\/\n\/*! This file is auto-generated *\/\n!function(d,l){\"use strict\";l.querySelector&&d.addEventListener&&\"undefined\"!=typeof URL&&(d.wp=d.wp||{},d.wp.receiveEmbedMessage||(d.wp.receiveEmbedMessage=function(e){var t=e.data;if((t||t.secret||t.message||t.value)&&!\/[^a-zA-Z0-9]\/.test(t.secret)){for(var s,r,n,a=l.querySelectorAll('iframe[data-secret=\"'+t.secret+'\"]'),o=l.querySelectorAll('blockquote[data-secret=\"'+t.secret+'\"]'),c=new RegExp(\"^https?:$\",\"i\"),i=0;i<o.length;i++)o[i].style.display=\"none\";for(i=0;i<a.length;i++)s=a[i],e.source===s.contentWindow&&(s.removeAttribute(\"style\"),\"height\"===t.message?(1e3<(r=parseInt(t.value,10))?r=1e3:~~r<200&&(r=200),s.height=r):\"link\"===t.message&&(r=new URL(s.getAttribute(\"src\")),n=new URL(t.value),c.test(n.protocol))&&n.host===r.host&&l.activeElement===s&&(d.top.location.href=t.value))}},d.addEventListener(\"message\",d.wp.receiveEmbedMessage,!1),l.addEventListener(\"DOMContentLoaded\",function(){for(var e,t,s=l.querySelectorAll(\"iframe.wp-embedded-content\"),r=0;r<s.length;r++)(t=(e=s[r]).getAttribute(\"data-secret\"))||(t=Math.random().toString(36).substring(2,12),e.src+=\"#?secret=\"+t,e.setAttribute(\"data-secret\",t)),e.contentWindow.postMessage({message:\"ready\",secret:t},\"*\")},!1)))}(window,document);\n\/\/# sourceURL=https:\/\/www.hondadreams.es\/wp-includes\/js\/wp-embed.min.js\n\/* ]]> *\/\n<\/script>\n","thumbnail_url":"https:\/\/www.hondadreams.es\/wp-content\/uploads\/nactoy-honda-accord-2018_02.jpg","thumbnail_width":1200,"thumbnail_height":800,"description":"El Honda Accord ha sido reconocido como Coche del A\u00f1o en Am\u00e9rica del Norte. Los \u201cNorth American Car, Utility and Truck of the Year Awards\u201d, conocidos como los \u2018Oscar\u2019 de la industria del autom\u00f3vil, premian la excelencia en innovaci\u00f3n, dise\u00f1o, seguridad, tecnolog\u00eda, rendimiento y satisfacci\u00f3n del conductor."}